{"id":3948,"date":"2024-10-27T10:35:56","date_gmt":"2024-10-27T09:35:56","guid":{"rendered":"https:\/\/latelierducoon.com\/?post_type=product&#038;p=3948"},"modified":"2025-06-19T15:53:06","modified_gmt":"2025-06-19T13:53:06","slug":"la-forest","status":"publish","type":"product","link":"https:\/\/latelierducoon.com\/index.php\/produit\/la-forest\/","title":{"rendered":"La Forest"},"content":{"rendered":"<p>D\u00e9couvrez notre magnifique m\u00e9daille en r\u00e9sine, une pi\u00e8ce unique faite \u00e0 la main qui allie artisanat et esth\u00e9tique naturelle. Chaque m\u00e9daille est soigneusement cr\u00e9\u00e9e \u00e0 la main par mes soins, aux jolis motifs de for\u00eat et de montagnes.<\/p>\n<p>Elle est disponible en version dor\u00e9e ou argent\u00e9e pour le flocage, comprenant le pr\u00e9nom.<\/p>\n<p>Choisissez parmi de nombreuses teintes pour personnaliser le d\u00e9grad\u00e9 de votre m\u00e9daille, ce qui permet d&rsquo;en faire une cr\u00e9ation unique qui refl\u00e8te vos go\u00fbts et vos inspirations. (vous pouvez choisir le nombre de couleurs de votre choix)<\/p>\n<p>Les motifs sont inspir\u00e9s de la nature : de la for\u00eat et des montagnes, des paysages que j&rsquo;aime tant.<\/p>\n<p><strong>Cette m\u00e9daille n&rsquo;existe qu&rsquo;en une seule taille : une forme ronde de 4cm de diam\u00e8tre<\/strong><\/p>\n<p>\ud83d\udd87 2 choix d\u2019attaches : boucle d&rsquo;attache ou anneau classique<br \/>\n\ud83c\udf3c Version dor\u00e9e ou argent\u00e9e<br \/>\n\ud83d\udd22 Num\u00e9ro ajout\u00e9 ou non au dos de la m\u00e9daille<\/p>\n<p>Le pr\u00e9nom est recouvert de r\u00e9sine. Le num\u00e9ro de t\u00e9l\u00e9phone au dos est recouvert d&rsquo;une fine couche de r\u00e9sine, pour une plus grande r\u00e9sistance dans le temps. (pas de risque de d\u00e9collement des lettres et chiffres)<\/p>\n<p><strong>TOUTES LES INFORMATIONS NECESSAIRES SONT DANS LES PHOTOS<\/strong><\/p>\n<p>&nbsp;<\/p>\n","protected":false},"excerpt":{"rendered":"<p>D\u00e9couvrez la m\u00e9daille <strong>Forest<\/strong> : une cr\u00e9ation unique de L&rsquo;atelier du Coon<\/p>\n<p>Embellissez le coup de votre loulou avec cette jolie m\u00e9daille, une cr\u00e9ation unique que votre animal m\u00e9rite. Elle est personnalisable de A \u00e0 Z pour l&rsquo;assortir \u00e0 ses accessoires de promenade tout en garantissant sa s\u00e9curit\u00e9.<\/p>\n<p><strong>Rond de 4cm de diam\u00e8tre<\/strong><\/p>\n<p>Toutes les informations n\u00e9cessaires sont dans les photos ou dans la description ci-dessous \u2b07\ufe0f<\/p>\n","protected":false},"featured_media":4583,"comment_status":"open","ping_status":"closed","template":"","meta":{"_et_pb_use_builder":"","_et_pb_old_content":"","_et_gb_content_width":""},"product_brand":[],"product_cat":[37,76,77,39,83],"product_tag":[],"class_list":{"0":"post-3948","1":"product","2":"type-product","3":"status-publish","4":"has-post-thumbnail","6":"product_cat-lunivers-des-chats","7":"product_cat-lunivers-des-chiens","8":"product_cat-nos-accessoires","9":"product_cat-medailles","10":"product_cat-tous-nos-accessoires","12":"first","13":"instock","14":"shipping-taxable","15":"purchasable","16":"product-type-variable"},"yoast_head":"<!-- This site is optimized with the Yoast SEO plugin v27.5 - https:\/\/yoast.com\/product\/yoast-seo-wordpress\/ -->\n<title>La Forest - L\u2019atelier du Coon<\/title>\n<meta name=\"robots\" content=\"index, follow, max-snippet:-1, max-image-preview:large, max-video-preview:-1\" \/>\n<link rel=\"canonical\" href=\"https:\/\/latelierducoon.com\/index.php\/produit\/la-forest\/\" \/>\n<meta property=\"og:locale\" content=\"fr_FR\" \/>\n<meta property=\"og:type\" content=\"article\" \/>\n<meta property=\"og:title\" content=\"La Forest - L\u2019atelier du Coon\" \/>\n<meta property=\"og:description\" content=\"D\u00e9couvrez la m\u00e9daille Forest : une cr\u00e9ation unique de L&#039;atelier du Coon  Embellissez le coup de votre loulou avec cette jolie m\u00e9daille, une cr\u00e9ation unique que votre animal m\u00e9rite. Elle est personnalisable de A \u00e0 Z pour l&#039;assortir \u00e0 ses accessoires de promenade tout en garantissant sa s\u00e9curit\u00e9.  Rond de 4cm de diam\u00e8tre  Toutes les informations n\u00e9cessaires sont dans les photos ou dans la description ci-dessous \u2b07\ufe0f\" \/>\n<meta property=\"og:url\" content=\"https:\/\/latelierducoon.com\/index.php\/produit\/la-forest\/\" \/>\n<meta property=\"og:site_name\" content=\"L\u2019atelier du Coon\" \/>\n<meta property=\"article:modified_time\" content=\"2025-06-19T13:53:06+00:00\" \/>\n<meta property=\"og:image\" content=\"http:\/\/latelierducoon.com\/wp-content\/uploads\/12-4.png\" \/>\n\t<meta property=\"og:image:width\" content=\"300\" \/>\n\t<meta property=\"og:image:height\" content=\"300\" \/>\n\t<meta property=\"og:image:type\" content=\"image\/png\" \/>\n<meta name=\"twitter:card\" content=\"summary_large_image\" \/>\n<meta name=\"twitter:label1\" content=\"Dur\u00e9e de lecture estim\u00e9e\" \/>\n\t<meta name=\"twitter:data1\" content=\"2 minutes\" \/>\n<script type=\"application\/ld+json\" class=\"yoast-schema-graph\">{\"@context\":\"https:\\\/\\\/schema.org\",\"@graph\":[{\"@type\":\"WebPage\",\"@id\":\"https:\\\/\\\/latelierducoon.com\\\/index.php\\\/produit\\\/la-forest\\\/\",\"url\":\"https:\\\/\\\/latelierducoon.com\\\/index.php\\\/produit\\\/la-forest\\\/\",\"name\":\"La Forest - L\u2019atelier du Coon\",\"isPartOf\":{\"@id\":\"https:\\\/\\\/latelierducoon.com\\\/#website\"},\"primaryImageOfPage\":{\"@id\":\"https:\\\/\\\/latelierducoon.com\\\/index.php\\\/produit\\\/la-forest\\\/#primaryimage\"},\"image\":{\"@id\":\"https:\\\/\\\/latelierducoon.com\\\/index.php\\\/produit\\\/la-forest\\\/#primaryimage\"},\"thumbnailUrl\":\"https:\\\/\\\/latelierducoon.com\\\/wp-content\\\/uploads\\\/12-4.png\",\"datePublished\":\"2024-10-27T09:35:56+00:00\",\"dateModified\":\"2025-06-19T13:53:06+00:00\",\"breadcrumb\":{\"@id\":\"https:\\\/\\\/latelierducoon.com\\\/index.php\\\/produit\\\/la-forest\\\/#breadcrumb\"},\"inLanguage\":\"fr-FR\",\"potentialAction\":[{\"@type\":\"ReadAction\",\"target\":[\"https:\\\/\\\/latelierducoon.com\\\/index.php\\\/produit\\\/la-forest\\\/\"]}]},{\"@type\":\"ImageObject\",\"inLanguage\":\"fr-FR\",\"@id\":\"https:\\\/\\\/latelierducoon.com\\\/index.php\\\/produit\\\/la-forest\\\/#primaryimage\",\"url\":\"https:\\\/\\\/latelierducoon.com\\\/wp-content\\\/uploads\\\/12-4.png\",\"contentUrl\":\"https:\\\/\\\/latelierducoon.com\\\/wp-content\\\/uploads\\\/12-4.png\",\"width\":300,\"height\":300,\"caption\":\"m\u00e9daille r\u00e9sine chien chat fait main for\u00eat montagne forest\"},{\"@type\":\"BreadcrumbList\",\"@id\":\"https:\\\/\\\/latelierducoon.com\\\/index.php\\\/produit\\\/la-forest\\\/#breadcrumb\",\"itemListElement\":[{\"@type\":\"ListItem\",\"position\":1,\"name\":\"Home\",\"item\":\"https:\\\/\\\/latelierducoon.com\\\/\"},{\"@type\":\"ListItem\",\"position\":2,\"name\":\"Accueil\",\"item\":\"https:\\\/\\\/latelierducoon.com\\\/\"},{\"@type\":\"ListItem\",\"position\":3,\"name\":\"La Forest\"}]},{\"@type\":\"WebSite\",\"@id\":\"https:\\\/\\\/latelierducoon.com\\\/#website\",\"url\":\"https:\\\/\\\/latelierducoon.com\\\/\",\"name\":\"L\u2019atelier du Coon\",\"description\":\"\",\"potentialAction\":[{\"@type\":\"SearchAction\",\"target\":{\"@type\":\"EntryPoint\",\"urlTemplate\":\"https:\\\/\\\/latelierducoon.com\\\/?s={search_term_string}\"},\"query-input\":{\"@type\":\"PropertyValueSpecification\",\"valueRequired\":true,\"valueName\":\"search_term_string\"}}],\"inLanguage\":\"fr-FR\"}]}<\/script>\n<!-- \/ Yoast SEO plugin. -->","yoast_head_json":{"title":"La Forest - L\u2019atelier du Coon","robots":{"index":"index","follow":"follow","max-snippet":"max-snippet:-1","max-image-preview":"max-image-preview:large","max-video-preview":"max-video-preview:-1"},"canonical":"https:\/\/latelierducoon.com\/index.php\/produit\/la-forest\/","og_locale":"fr_FR","og_type":"article","og_title":"La Forest - L\u2019atelier du Coon","og_description":"D\u00e9couvrez la m\u00e9daille Forest : une cr\u00e9ation unique de L'atelier du Coon  Embellissez le coup de votre loulou avec cette jolie m\u00e9daille, une cr\u00e9ation unique que votre animal m\u00e9rite. Elle est personnalisable de A \u00e0 Z pour l'assortir \u00e0 ses accessoires de promenade tout en garantissant sa s\u00e9curit\u00e9.  Rond de 4cm de diam\u00e8tre  Toutes les informations n\u00e9cessaires sont dans les photos ou dans la description ci-dessous \u2b07\ufe0f","og_url":"https:\/\/latelierducoon.com\/index.php\/produit\/la-forest\/","og_site_name":"L\u2019atelier du Coon","article_modified_time":"2025-06-19T13:53:06+00:00","og_image":[{"width":300,"height":300,"url":"http:\/\/latelierducoon.com\/wp-content\/uploads\/12-4.png","type":"image\/png"}],"twitter_card":"summary_large_image","twitter_misc":{"Dur\u00e9e de lecture estim\u00e9e":"2 minutes"},"schema":{"@context":"https:\/\/schema.org","@graph":[{"@type":"WebPage","@id":"https:\/\/latelierducoon.com\/index.php\/produit\/la-forest\/","url":"https:\/\/latelierducoon.com\/index.php\/produit\/la-forest\/","name":"La Forest - L\u2019atelier du Coon","isPartOf":{"@id":"https:\/\/latelierducoon.com\/#website"},"primaryImageOfPage":{"@id":"https:\/\/latelierducoon.com\/index.php\/produit\/la-forest\/#primaryimage"},"image":{"@id":"https:\/\/latelierducoon.com\/index.php\/produit\/la-forest\/#primaryimage"},"thumbnailUrl":"https:\/\/latelierducoon.com\/wp-content\/uploads\/12-4.png","datePublished":"2024-10-27T09:35:56+00:00","dateModified":"2025-06-19T13:53:06+00:00","breadcrumb":{"@id":"https:\/\/latelierducoon.com\/index.php\/produit\/la-forest\/#breadcrumb"},"inLanguage":"fr-FR","potentialAction":[{"@type":"ReadAction","target":["https:\/\/latelierducoon.com\/index.php\/produit\/la-forest\/"]}]},{"@type":"ImageObject","inLanguage":"fr-FR","@id":"https:\/\/latelierducoon.com\/index.php\/produit\/la-forest\/#primaryimage","url":"https:\/\/latelierducoon.com\/wp-content\/uploads\/12-4.png","contentUrl":"https:\/\/latelierducoon.com\/wp-content\/uploads\/12-4.png","width":300,"height":300,"caption":"m\u00e9daille r\u00e9sine chien chat fait main for\u00eat montagne forest"},{"@type":"BreadcrumbList","@id":"https:\/\/latelierducoon.com\/index.php\/produit\/la-forest\/#breadcrumb","itemListElement":[{"@type":"ListItem","position":1,"name":"Home","item":"https:\/\/latelierducoon.com\/"},{"@type":"ListItem","position":2,"name":"Accueil","item":"https:\/\/latelierducoon.com\/"},{"@type":"ListItem","position":3,"name":"La Forest"}]},{"@type":"WebSite","@id":"https:\/\/latelierducoon.com\/#website","url":"https:\/\/latelierducoon.com\/","name":"L\u2019atelier du Coon","description":"","potentialAction":[{"@type":"SearchAction","target":{"@type":"EntryPoint","urlTemplate":"https:\/\/latelierducoon.com\/?s={search_term_string}"},"query-input":{"@type":"PropertyValueSpecification","valueRequired":true,"valueName":"search_term_string"}}],"inLanguage":"fr-FR"}]}},"jetpack_sharing_enabled":true,"_links":{"self":[{"href":"https:\/\/latelierducoon.com\/index.php\/wp-json\/wp\/v2\/product\/3948","targetHints":{"allow":["GET"]}}],"collection":[{"href":"https:\/\/latelierducoon.com\/index.php\/wp-json\/wp\/v2\/product"}],"about":[{"href":"https:\/\/latelierducoon.com\/index.php\/wp-json\/wp\/v2\/types\/product"}],"replies":[{"embeddable":true,"href":"https:\/\/latelierducoon.com\/index.php\/wp-json\/wp\/v2\/comments?post=3948"}],"wp:featuredmedia":[{"embeddable":true,"href":"https:\/\/latelierducoon.com\/index.php\/wp-json\/wp\/v2\/media\/4583"}],"wp:attachment":[{"href":"https:\/\/latelierducoon.com\/index.php\/wp-json\/wp\/v2\/media?parent=3948"}],"wp:term":[{"taxonomy":"product_brand","embeddable":true,"href":"https:\/\/latelierducoon.com\/index.php\/wp-json\/wp\/v2\/product_brand?post=3948"},{"taxonomy":"product_cat","embeddable":true,"href":"https:\/\/latelierducoon.com\/index.php\/wp-json\/wp\/v2\/product_cat?post=3948"},{"taxonomy":"product_tag","embeddable":true,"href":"https:\/\/latelierducoon.com\/index.php\/wp-json\/wp\/v2\/product_tag?post=3948"}],"curies":[{"name":"wp","href":"https:\/\/api.w.org\/{rel}","templated":true}]}}