{"id":5541,"date":"2026-03-16T13:51:27","date_gmt":"2026-03-16T12:51:27","guid":{"rendered":"https:\/\/latelierducoon.com\/?post_type=product&#038;p=5541"},"modified":"2026-03-18T15:41:59","modified_gmt":"2026-03-18T14:41:59","slug":"laisse-160cm-caramel","status":"publish","type":"product","link":"https:\/\/latelierducoon.com\/index.php\/produit\/laisse-160cm-caramel\/","title":{"rendered":"Laisse 160cm caramel"},"content":{"rendered":"<h3 data-section-id=\"1dqail9\" data-start=\"131\" data-end=\"162\">La laisse qui a du chien \ud83d\udc3e<\/h3>\n<p data-start=\"164\" data-end=\"418\">Parce qu\u2019une balade m\u00e9rite du style, cette laisse en paracorde est <strong data-start=\"231\" data-end=\"280\">enti\u00e8rement fabriqu\u00e9e \u00e0 la main par mes soins<\/strong>. Chaque pi\u00e8ce est r\u00e9alis\u00e9e une par une, avec patience et minutie, pour offrir \u00e0 votre chien une laisse <strong data-start=\"384\" data-end=\"417\">solide, confortable et unique<\/strong>.<\/p>\n<p data-start=\"658\" data-end=\"706\">C\u00f4t\u00e9 pratique, rien n\u2019a \u00e9t\u00e9 laiss\u00e9 au hasard :<\/p>\n<ul data-start=\"707\" data-end=\"950\">\n<li data-section-id=\"jgx3r3\" data-start=\"707\" data-end=\"756\">\n<p data-start=\"709\" data-end=\"756\"><strong data-start=\"709\" data-end=\"731\">Bouclerie argent\u00e9e<\/strong> \u00e9l\u00e9gante et r\u00e9sistante<\/p>\n<\/li>\n<li data-section-id=\"1sxnhny\" data-start=\"757\" data-end=\"826\">\n<p data-start=\"759\" data-end=\"826\"><strong data-start=\"759\" data-end=\"792\">Mousqueton \u00e0 targette en zinc<\/strong> pour une attache s\u00fbre et fiable<\/p>\n<\/li>\n<li data-section-id=\"14n3c5k\" data-start=\"827\" data-end=\"950\">\n<p data-start=\"829\" data-end=\"950\"><strong data-start=\"829\" data-end=\"859\">Anneau en acier inoxydable<\/strong> pour accrocher facilement votre pochette \u00e0 friandises ou un distributeur de sacs \u00e0 crottes<\/p>\n<\/li>\n<\/ul>\n<p>Cr\u00e9\u00e9e \u00e0 partir de<strong> 4 couleurs de Paracorde<\/strong> : <em>Tan, Glamour du cuivre, Cr\u00e8me et Caramel<\/em>.<\/p>\n<p>Cette laisse mesure <strong>160cm,\u00a0<\/strong>parfaite pour vos balades.<\/p>\n<h3>\ud83c\udf81 Offre sp\u00e9ciale<\/h3>\n<p>Pour l\u2019achat d\u2019un <strong>ensemble laisse + collier<\/strong>, une <strong>m\u00e9daille au choix est offerte<\/strong>.<\/p>\n<p>Pour en profiter :<\/p>\n<ol>\n<li>Passez votre commande<\/li>\n<li>Envoyez-moi un <strong>mail latelierducoon@gmail.com ou un message sur Instagram @latelierducoon<\/strong><\/li>\n<li>Indiquez votre <strong>num\u00e9ro de commande<\/strong> et <strong>la m\u00e9daille que vous souhaitez<\/strong><\/li>\n<\/ol>\n<h3>\u26a0\ufe0f Important<\/h3>\n<p>Cette laisse <strong>n\u2019est pas pr\u00e9conis\u00e9 pour les chiens qui tirent \u00e9norm\u00e9ment .<\/strong><\/p>\n<h3>\ud83e\uddfc Entretien<\/h3>\n<p><strong>Nettoyage simple :<\/strong><\/p>\n<ul>\n<li>Eau ti\u00e8de<\/li>\n<li>Savon de Marseille<\/li>\n<li>Brosse souple<\/li>\n<li>S\u00e9chage <strong>\u00e0 l\u2019air libre<\/strong> (pas de s\u00e8che-linge)<\/li>\n<\/ul>\n<p><strong>Nettoyage en profondeur (occasionnel) :<\/strong><\/p>\n<ul>\n<li>Placer la laisse dans un <strong>filet de lavage<\/strong><\/li>\n<li><strong>Machine \u00e0 30\u00b0C maximum<\/strong><\/li>\n<li><strong>Cycle d\u00e9licat<\/strong><\/li>\n<li><strong>Lessive pour laine<\/strong><\/li>\n<\/ul>\n<p>\u26a0\ufe0f \u00c0 \u00e9viter trop fr\u00e9quemment afin de <strong>pr\u00e9server l\u2019intensit\u00e9 des couleurs et la bouclerie<\/strong>.<\/p>\n","protected":false},"excerpt":{"rendered":"<p>Laisse en paracorde <strong data-start=\"20\" data-end=\"55\">enti\u00e8rement fabriqu\u00e9e \u00e0 la main<\/strong>, tress\u00e9e avec soin pour allier style et solidit\u00e9 lors de vos balades. Cr\u00e9\u00e9e avec <strong data-start=\"148\" data-end=\"205\">4 couleurs de paracorde :<\/strong> <em>Tan, Glamour du cuivre, Cr\u00e8me et Caramel<\/em><strong data-start=\"148\" data-end=\"205\">&nbsp;et mesurant 160cm<\/strong>. \u00c9quip\u00e9e d\u2019une <strong data-start=\"221\" data-end=\"298\">bouclerie argent, d\u2019un mousqueton \u00e0 targette s\u00e9curis\u00e9 et d\u2019un anneau inox<\/strong> pour accrocher friandises ou sacs \u00e0 crottes. \ud83d\udc3e<\/p>\n<p>\ud83c\udf81 <strong>Offre sp\u00e9ciale :<\/strong><br \/>Pour l\u2019achat d\u2019un <strong>ensemble laisse + collier<\/strong>, une <strong>m\u00e9daille au choix est offerte<\/strong>.<br \/>Envoyez simplement un <strong>mail \u00e0 latelierducoon@gmail.com ou un message Instagram<\/strong> <strong>@latelierducoon<\/strong> avec votre <strong>num\u00e9ro de commande<\/strong> et la <strong>m\u00e9daille souhait\u00e9e<\/strong>.<\/p>\n","protected":false},"featured_media":5542,"comment_status":"open","ping_status":"closed","template":"","meta":{"_et_pb_use_builder":"","_et_pb_old_content":"","_et_gb_content_width":""},"product_brand":[],"product_cat":[76,16,77,209,213,83],"product_tag":[],"class_list":{"0":"post-5541","1":"product","2":"type-product","3":"status-publish","4":"has-post-thumbnail","6":"product_cat-lunivers-des-chiens","7":"product_cat-non-classe","8":"product_cat-nos-accessoires","9":"product_cat-nos-colliers-laisses","10":"product_cat-nos-laisses-pretes-a-partir","11":"product_cat-tous-nos-accessoires","13":"first","14":"instock","15":"shipping-taxable","16":"purchasable","17":"product-type-simple"},"yoast_head":"<!-- This site is optimized with the Yoast SEO plugin v27.5 - https:\/\/yoast.com\/product\/yoast-seo-wordpress\/ -->\n<title>Laisse 160cm caramel - L\u2019atelier du Coon<\/title>\n<meta name=\"robots\" content=\"index, follow, max-snippet:-1, max-image-preview:large, max-video-preview:-1\" \/>\n<link rel=\"canonical\" href=\"https:\/\/latelierducoon.com\/index.php\/produit\/laisse-160cm-caramel\/\" \/>\n<meta property=\"og:locale\" content=\"fr_FR\" \/>\n<meta property=\"og:type\" content=\"article\" \/>\n<meta property=\"og:title\" content=\"Laisse 160cm caramel - L\u2019atelier du Coon\" \/>\n<meta property=\"og:description\" content=\"Laisse en paracorde enti\u00e8rement fabriqu\u00e9e \u00e0 la main, tress\u00e9e avec soin pour allier style et solidit\u00e9 lors de vos balades. Cr\u00e9\u00e9e avec 4 couleurs de paracorde : Tan, Glamour du cuivre, Cr\u00e8me et Caramel&nbsp;et mesurant 160cm. \u00c9quip\u00e9e d\u2019une bouclerie argent, d\u2019un mousqueton \u00e0 targette s\u00e9curis\u00e9 et d\u2019un anneau inox pour accrocher friandises ou sacs \u00e0 crottes. \ud83d\udc3e\ud83c\udf81 Offre sp\u00e9ciale :Pour l\u2019achat d\u2019un ensemble laisse + collier, une m\u00e9daille au choix est offerte.Envoyez simplement un mail \u00e0 latelierducoon@gmail.com ou un message Instagram @latelierducoon avec votre num\u00e9ro de commande et la m\u00e9daille souhait\u00e9e.\" \/>\n<meta property=\"og:url\" content=\"https:\/\/latelierducoon.com\/index.php\/produit\/laisse-160cm-caramel\/\" \/>\n<meta property=\"og:site_name\" content=\"L\u2019atelier du Coon\" \/>\n<meta property=\"article:modified_time\" content=\"2026-03-18T14:41:59+00:00\" \/>\n<meta property=\"og:image\" content=\"http:\/\/latelierducoon.com\/wp-content\/uploads\/4-33.png\" \/>\n\t<meta property=\"og:image:width\" content=\"600\" \/>\n\t<meta property=\"og:image:height\" content=\"800\" \/>\n\t<meta property=\"og:image:type\" content=\"image\/png\" \/>\n<meta name=\"twitter:card\" content=\"summary_large_image\" \/>\n<meta name=\"twitter:label1\" content=\"Dur\u00e9e de lecture estim\u00e9e\" \/>\n\t<meta name=\"twitter:data1\" content=\"2 minutes\" \/>\n<script type=\"application\/ld+json\" class=\"yoast-schema-graph\">{\"@context\":\"https:\\\/\\\/schema.org\",\"@graph\":[{\"@type\":\"WebPage\",\"@id\":\"https:\\\/\\\/latelierducoon.com\\\/index.php\\\/produit\\\/laisse-160cm-caramel\\\/\",\"url\":\"https:\\\/\\\/latelierducoon.com\\\/index.php\\\/produit\\\/laisse-160cm-caramel\\\/\",\"name\":\"Laisse 160cm caramel - L\u2019atelier du Coon\",\"isPartOf\":{\"@id\":\"https:\\\/\\\/latelierducoon.com\\\/#website\"},\"primaryImageOfPage\":{\"@id\":\"https:\\\/\\\/latelierducoon.com\\\/index.php\\\/produit\\\/laisse-160cm-caramel\\\/#primaryimage\"},\"image\":{\"@id\":\"https:\\\/\\\/latelierducoon.com\\\/index.php\\\/produit\\\/laisse-160cm-caramel\\\/#primaryimage\"},\"thumbnailUrl\":\"https:\\\/\\\/latelierducoon.com\\\/wp-content\\\/uploads\\\/4-33.png\",\"datePublished\":\"2026-03-16T12:51:27+00:00\",\"dateModified\":\"2026-03-18T14:41:59+00:00\",\"breadcrumb\":{\"@id\":\"https:\\\/\\\/latelierducoon.com\\\/index.php\\\/produit\\\/laisse-160cm-caramel\\\/#breadcrumb\"},\"inLanguage\":\"fr-FR\",\"potentialAction\":[{\"@type\":\"ReadAction\",\"target\":[\"https:\\\/\\\/latelierducoon.com\\\/index.php\\\/produit\\\/laisse-160cm-caramel\\\/\"]}]},{\"@type\":\"ImageObject\",\"inLanguage\":\"fr-FR\",\"@id\":\"https:\\\/\\\/latelierducoon.com\\\/index.php\\\/produit\\\/laisse-160cm-caramel\\\/#primaryimage\",\"url\":\"https:\\\/\\\/latelierducoon.com\\\/wp-content\\\/uploads\\\/4-33.png\",\"contentUrl\":\"https:\\\/\\\/latelierducoon.com\\\/wp-content\\\/uploads\\\/4-33.png\",\"width\":600,\"height\":800,\"caption\":\"laisse sur-mesure chien paracorde fait main\"},{\"@type\":\"BreadcrumbList\",\"@id\":\"https:\\\/\\\/latelierducoon.com\\\/index.php\\\/produit\\\/laisse-160cm-caramel\\\/#breadcrumb\",\"itemListElement\":[{\"@type\":\"ListItem\",\"position\":1,\"name\":\"Home\",\"item\":\"https:\\\/\\\/latelierducoon.com\\\/\"},{\"@type\":\"ListItem\",\"position\":2,\"name\":\"Accueil\",\"item\":\"https:\\\/\\\/latelierducoon.com\\\/\"},{\"@type\":\"ListItem\",\"position\":3,\"name\":\"Laisse 160cm caramel\"}]},{\"@type\":\"WebSite\",\"@id\":\"https:\\\/\\\/latelierducoon.com\\\/#website\",\"url\":\"https:\\\/\\\/latelierducoon.com\\\/\",\"name\":\"L\u2019atelier du Coon\",\"description\":\"\",\"potentialAction\":[{\"@type\":\"SearchAction\",\"target\":{\"@type\":\"EntryPoint\",\"urlTemplate\":\"https:\\\/\\\/latelierducoon.com\\\/?s={search_term_string}\"},\"query-input\":{\"@type\":\"PropertyValueSpecification\",\"valueRequired\":true,\"valueName\":\"search_term_string\"}}],\"inLanguage\":\"fr-FR\"}]}<\/script>\n<!-- \/ Yoast SEO plugin. -->","yoast_head_json":{"title":"Laisse 160cm caramel - L\u2019atelier du Coon","robots":{"index":"index","follow":"follow","max-snippet":"max-snippet:-1","max-image-preview":"max-image-preview:large","max-video-preview":"max-video-preview:-1"},"canonical":"https:\/\/latelierducoon.com\/index.php\/produit\/laisse-160cm-caramel\/","og_locale":"fr_FR","og_type":"article","og_title":"Laisse 160cm caramel - L\u2019atelier du Coon","og_description":"Laisse en paracorde enti\u00e8rement fabriqu\u00e9e \u00e0 la main, tress\u00e9e avec soin pour allier style et solidit\u00e9 lors de vos balades. Cr\u00e9\u00e9e avec 4 couleurs de paracorde : Tan, Glamour du cuivre, Cr\u00e8me et Caramel&nbsp;et mesurant 160cm. \u00c9quip\u00e9e d\u2019une bouclerie argent, d\u2019un mousqueton \u00e0 targette s\u00e9curis\u00e9 et d\u2019un anneau inox pour accrocher friandises ou sacs \u00e0 crottes. \ud83d\udc3e\ud83c\udf81 Offre sp\u00e9ciale :Pour l\u2019achat d\u2019un ensemble laisse + collier, une m\u00e9daille au choix est offerte.Envoyez simplement un mail \u00e0 latelierducoon@gmail.com ou un message Instagram @latelierducoon avec votre num\u00e9ro de commande et la m\u00e9daille souhait\u00e9e.","og_url":"https:\/\/latelierducoon.com\/index.php\/produit\/laisse-160cm-caramel\/","og_site_name":"L\u2019atelier du Coon","article_modified_time":"2026-03-18T14:41:59+00:00","og_image":[{"width":600,"height":800,"url":"http:\/\/latelierducoon.com\/wp-content\/uploads\/4-33.png","type":"image\/png"}],"twitter_card":"summary_large_image","twitter_misc":{"Dur\u00e9e de lecture estim\u00e9e":"2 minutes"},"schema":{"@context":"https:\/\/schema.org","@graph":[{"@type":"WebPage","@id":"https:\/\/latelierducoon.com\/index.php\/produit\/laisse-160cm-caramel\/","url":"https:\/\/latelierducoon.com\/index.php\/produit\/laisse-160cm-caramel\/","name":"Laisse 160cm caramel - L\u2019atelier du Coon","isPartOf":{"@id":"https:\/\/latelierducoon.com\/#website"},"primaryImageOfPage":{"@id":"https:\/\/latelierducoon.com\/index.php\/produit\/laisse-160cm-caramel\/#primaryimage"},"image":{"@id":"https:\/\/latelierducoon.com\/index.php\/produit\/laisse-160cm-caramel\/#primaryimage"},"thumbnailUrl":"https:\/\/latelierducoon.com\/wp-content\/uploads\/4-33.png","datePublished":"2026-03-16T12:51:27+00:00","dateModified":"2026-03-18T14:41:59+00:00","breadcrumb":{"@id":"https:\/\/latelierducoon.com\/index.php\/produit\/laisse-160cm-caramel\/#breadcrumb"},"inLanguage":"fr-FR","potentialAction":[{"@type":"ReadAction","target":["https:\/\/latelierducoon.com\/index.php\/produit\/laisse-160cm-caramel\/"]}]},{"@type":"ImageObject","inLanguage":"fr-FR","@id":"https:\/\/latelierducoon.com\/index.php\/produit\/laisse-160cm-caramel\/#primaryimage","url":"https:\/\/latelierducoon.com\/wp-content\/uploads\/4-33.png","contentUrl":"https:\/\/latelierducoon.com\/wp-content\/uploads\/4-33.png","width":600,"height":800,"caption":"laisse sur-mesure chien paracorde fait main"},{"@type":"BreadcrumbList","@id":"https:\/\/latelierducoon.com\/index.php\/produit\/laisse-160cm-caramel\/#breadcrumb","itemListElement":[{"@type":"ListItem","position":1,"name":"Home","item":"https:\/\/latelierducoon.com\/"},{"@type":"ListItem","position":2,"name":"Accueil","item":"https:\/\/latelierducoon.com\/"},{"@type":"ListItem","position":3,"name":"Laisse 160cm caramel"}]},{"@type":"WebSite","@id":"https:\/\/latelierducoon.com\/#website","url":"https:\/\/latelierducoon.com\/","name":"L\u2019atelier du Coon","description":"","potentialAction":[{"@type":"SearchAction","target":{"@type":"EntryPoint","urlTemplate":"https:\/\/latelierducoon.com\/?s={search_term_string}"},"query-input":{"@type":"PropertyValueSpecification","valueRequired":true,"valueName":"search_term_string"}}],"inLanguage":"fr-FR"}]}},"jetpack_sharing_enabled":true,"_links":{"self":[{"href":"https:\/\/latelierducoon.com\/index.php\/wp-json\/wp\/v2\/product\/5541","targetHints":{"allow":["GET"]}}],"collection":[{"href":"https:\/\/latelierducoon.com\/index.php\/wp-json\/wp\/v2\/product"}],"about":[{"href":"https:\/\/latelierducoon.com\/index.php\/wp-json\/wp\/v2\/types\/product"}],"replies":[{"embeddable":true,"href":"https:\/\/latelierducoon.com\/index.php\/wp-json\/wp\/v2\/comments?post=5541"}],"wp:featuredmedia":[{"embeddable":true,"href":"https:\/\/latelierducoon.com\/index.php\/wp-json\/wp\/v2\/media\/5542"}],"wp:attachment":[{"href":"https:\/\/latelierducoon.com\/index.php\/wp-json\/wp\/v2\/media?parent=5541"}],"wp:term":[{"taxonomy":"product_brand","embeddable":true,"href":"https:\/\/latelierducoon.com\/index.php\/wp-json\/wp\/v2\/product_brand?post=5541"},{"taxonomy":"product_cat","embeddable":true,"href":"https:\/\/latelierducoon.com\/index.php\/wp-json\/wp\/v2\/product_cat?post=5541"},{"taxonomy":"product_tag","embeddable":true,"href":"https:\/\/latelierducoon.com\/index.php\/wp-json\/wp\/v2\/product_tag?post=5541"}],"curies":[{"name":"wp","href":"https:\/\/api.w.org\/{rel}","templated":true}]}}